{"id":11633,"date":"2020-09-07T00:45:58","date_gmt":"2020-09-06T22:45:58","guid":{"rendered":"https:\/\/www.gdanskairporttaxi.pl\/?page_id=11633"},"modified":"2021-08-18T12:21:02","modified_gmt":"2021-08-18T10:21:02","slug":"bus-polska-niemcy","status":"publish","type":"page","link":"https:\/\/www.gdanskairporttaxi.pl\/pl\/bus-polska-niemcy\/","title":{"rendered":"Bus Polska &#8211; Niemcy"},"content":{"rendered":"<div class=\"vc_row wpb_row vc_row-fluid vc_row-\"><div class=\"wpb_column vc_column_container vc_col-sm-6\"><div class=\"vc_column-inner \" style=\"  \"><div class=\"wpb_wrapper\"><div class=\"vc_row wpb_row vc_inner vc_row-fluid vc_column-gap-20\" style=\"  \"><\/div>      <div class=\"heading-block heading-5f556adc228ed tal h-h2\">\n                  <h2 class=\"h\">Busy do Niemiec<\/h2>\n              <\/div>\n    \n\t<div class=\"wpb_text_column wpb_content_element \" >\n\t\t<div class=\"wpb_wrapper\">\n\t\t\t<p>Zawsze staramy si\u0119 dotrze\u0107 z Pa\u0144stwem w jak najszybszym czasie. Jest to nasz\u0105 dewiz\u0105 od wielu lat. Przede wszystkim najwa\u017cniejsze jest dla nas bezpiecze\u0144stwo. Zapewniamy foteliki dla dzieci. Na ka\u017cdej trasie jest 2 kierowc\u00f3w.<br \/>\nTransport os\u00f3b jest nasz\u0105 pasj\u0105. Prac\u0119 wykonujemy z przyjemno\u015bci\u0105. Pa\u0144stwa zadowolenie jest dla nas bardzo cenne.<br \/>\nKierowcy ; profesjonalni , kulturalni kt\u00f3rzy zawsze pomog\u0105 z baga\u017cem i nie tylko. Do\u015bwiadczenie na trasach krajowych i mi\u0119dzynarodowych.Ratownicy drogowi z certyfikatem oraz laureaci nagr\u00f3d dla firm przewozowych m.in or\u0142y transportu przez ostatnie 2 lata.<\/p>\n\n\t\t<\/div>\n\t<\/div>\n<div class=\"vc_btn3-container vc_btn3-center\" ><a class=\"vc_general vc_btn3 vc_btn3-size-lg vc_btn3-shape-rounded vc_btn3-style-modern vc_btn3-icon-left vc_btn3-color-danger\" href=\"http:\/\/48510313031\" title=\"\"><i class=\"vc_btn3-icon fa fa-phone-square\"><\/i> Zadzwo\u0144 48510313031<\/a><\/div><\/div><\/div><\/div><div class=\"wpb_column vc_column_container vc_col-sm-6\"><div class=\"vc_column-inner \" style=\"  \"><div class=\"wpb_wrapper\">      <div class=\"heading-block heading-5f556b72446d5 tal h-h2\">\n                  <h2 class=\"h\">Nasze Busy<\/h2>\n              <\/div>\n    \n\t<div class=\"wpb_text_column wpb_content_element \" >\n\t\t<div class=\"wpb_wrapper\">\n\t\t\t<p>Zapewniamy na czas podr\u00f3\u017cy sprawdzone najlepsze samochody marki Mercedes. Wygodne, klimatyzowane mercedesy 9 osobowe ze zwi\u0119kszon\u0105 przestrzeni\u0105 pasa\u017cersk\u0105 w wersji extra long. Samochody z drzwiami suwanymi obustronnie oraz wi\u0119kszymi baga\u017cnikami. Auta nie s\u0105 starsze ni\u017c 3letnie. Posiadaj\u0105 najnowsze systemy bezpiecze\u0144stwa, na bie\u017c\u0105co serwisowane w autoryzowanej stacji obs\u0142ugi Mercedes. Okresowe badania techniczne ze zwi\u0119kszon\u0105 cz\u0119stotliwo\u015bci\u0105. Gwarancja niezawodno\u015bci i komfortu.Przy ka\u017cdym fotelu pasa\u017cerskim znajduj\u0105 si\u0119 pod\u0142okietniki oraz regulowane oparcia , a tak\u017ce gniazdka USB.Samochody z klimatyzacj\u0105 i ogrzewaniem , aby podr\u00f3\u017c nie by\u0142a problemem z uwagi na por\u0119 roku.<br \/>\nSk\u0105d i dok\u0105d je\u017adzimy;<br \/>\nObs\u0142ugujemy wojew\u00f3dztwa takie jak pomorskie, wielkopolskie i zachodniopomorskie , a na specjalne \u017cyczenie wszystkie pozosta\u0142e r\u00f3wnie\u017c<\/p>\n\n\t\t<\/div>\n\t<\/div>\n<\/div><\/div><\/div><\/div><div class=\"vc_row wpb_row vc_row-fluid vc_row-\"><div class=\"wpb_column vc_column_container vc_col-sm-12\"><div class=\"vc_column-inner \" style=\"  \"><div class=\"wpb_wrapper\"><div class=\"vc_empty_space\"   style=\"height: 50px\"><span class=\"vc_empty_space_inner\"><\/span><\/div>\n\t<div  class=\"wpb_single_image wpb_content_element vc_align_center\">\n\t\t\n\t\t<figure class=\"wpb_wrapper vc_figure\">\n\t\t\t<div class=\"vc_single_image-wrapper   vc_box_border_grey\"><img loading=\"lazy\" decoding=\"async\" width=\"2048\" height=\"759\" src=\"https:\/\/www.gdanskairporttaxi.pl\/wp-content\/uploads\/2020\/09\/118693417_383839542603591_6096873076016993629_n.jpg\" class=\"vc_single_image-img attachment-full\" alt=\"Busy do Niemiec z Polski z powrotem\" srcset=\"https:\/\/www.gdanskairporttaxi.pl\/wp-content\/uploads\/2020\/09\/118693417_383839542603591_6096873076016993629_n.jpg 2048w, https:\/\/www.gdanskairporttaxi.pl\/wp-content\/uploads\/2020\/09\/118693417_383839542603591_6096873076016993629_n-600x222.jpg 600w, https:\/\/www.gdanskairporttaxi.pl\/wp-content\/uploads\/2020\/09\/118693417_383839542603591_6096873076016993629_n-300x111.jpg 300w, https:\/\/www.gdanskairporttaxi.pl\/wp-content\/uploads\/2020\/09\/118693417_383839542603591_6096873076016993629_n-1024x380.jpg 1024w, https:\/\/www.gdanskairporttaxi.pl\/wp-content\/uploads\/2020\/09\/118693417_383839542603591_6096873076016993629_n-768x285.jpg 768w, https:\/\/www.gdanskairporttaxi.pl\/wp-content\/uploads\/2020\/09\/118693417_383839542603591_6096873076016993629_n-1536x569.jpg 1536w, https:\/\/www.gdanskairporttaxi.pl\/wp-content\/uploads\/2020\/09\/118693417_383839542603591_6096873076016993629_n-460x170.jpg 460w, https:\/\/www.gdanskairporttaxi.pl\/wp-content\/uploads\/2020\/09\/118693417_383839542603591_6096873076016993629_n-800x296.jpg 800w\" sizes=\"auto, (max-width: 2048px) 100vw, 2048px\" \/><\/div>\n\t\t<\/figure>\n\t<\/div>\n<\/div><\/div><\/div><\/div><div class=\"vc_row wpb_row vc_row-fluid vc_row-\"><div class=\"wpb_column vc_column_container vc_col-sm-6\"><div class=\"vc_column-inner \" style=\"  \"><div class=\"wpb_wrapper\"><div class=\"vc_row wpb_row vc_inner vc_row-fluid vc_column-gap-20\" style=\"  \"><\/div>      <div class=\"heading-block heading-5f556bfbcf405 tal h-h2\">\n                  <h2 class=\"h\">Rezerwacja<\/h2>\n              <\/div>\n    \n\t<div class=\"wpb_text_column wpb_content_element \" >\n\t\t<div class=\"wpb_wrapper\">\n\t\t\t<p>Zadzwo\u0144 \u260e\ufe0f +48 510 31 30 31 lub napisz \ud83d\udce7 travelgrouppawelczeczko@gmail.com a w nim<br \/>\nImi\u0119 i nazwisko np JAN NOWAK ,miejsce wyjazdu np 80-768 ul.Wierzbowa 10 Gdansk , miejsce docelowe np 5 2511 Waldorfstrasse 2 Geilenkirchen oraz nr telefonu do kontaktu np +48 510 31 30 31 i dat\u0119 np 10.11.2022<br \/>\nZAWSZE OTRZYMASZ OD NAS POTWIERDZENIE.<\/p>\n\n\t\t<\/div>\n\t<\/div>\n      <div class=\"heading-block heading-5f556cae9c003 tal h-h2\">\n                  <h2 class=\"h\">Cennik<\/h2>\n              <\/div>\n    \n\t<div class=\"wpb_text_column wpb_content_element \" >\n\t\t<div class=\"wpb_wrapper\">\n\t\t\t<p>Przew\u00f3z os\u00f3b Polska &#8211; Niemcy 360 z\u0142\/ os<br \/>\nNiemcy &#8211; Polska 85 eur\/os<br \/>\nPrzew\u00f3z przesy\u0142ek<br \/>\nzawsze uzale\u017cniony jest od ich wymiar\u00f3w i wagi.<br \/>\nPrzyk\u0142adowo przesy\u0142ka listowa z Polski 100zl , a z Niemiec 25eur<br \/>\nPaczka do 30kg 100 -200zl z Polski lub 25 &#8211; 50 eur z Niemiec<br \/>\nGrupy<br \/>\nDla mniejszych lub wi\u0119kszych grup przew\u00f3z os\u00f3b odbywa si\u0119 wed\u0142ug indywidualnych tras oraz w terminie ustalonym indywidualnie.<\/p>\n\n\t\t<\/div>\n\t<\/div>\n<\/div><\/div><\/div><div class=\"wpb_column vc_column_container vc_col-sm-6\"><div class=\"vc_column-inner \" style=\"  \"><div class=\"wpb_wrapper\"><div class=\"vc_empty_space\"   style=\"height: 50px\"><span class=\"vc_empty_space_inner\"><\/span><\/div>\n<div class=\"wpcf7 no-js\" id=\"wpcf7-f11647-o1\" lang=\"ru-RU\" dir=\"ltr\">\n<div class=\"screen-reader-response\"><p role=\"status\" aria-live=\"polite\" aria-atomic=\"true\"><\/p> <ul><\/ul><\/div>\n<form action=\"\/pl\/wp-json\/wp\/v2\/pages\/11633#wpcf7-f11647-o1\" method=\"post\" class=\"wpcf7-form init\" aria-label=\"Formularz kontaktowy\" novalidate=\"novalidate\" data-status=\"init\">\n<div style=\"display: none;\">\n<input type=\"hidden\" name=\"_wpcf7\" value=\"11647\" \/>\n<input type=\"hidden\" name=\"_wpcf7_version\" value=\"5.8.6\" \/>\n<input type=\"hidden\" name=\"_wpcf7_locale\" value=\"ru_RU\" \/>\n<input type=\"hidden\" name=\"_wpcf7_unit_tag\" value=\"wpcf7-f11647-o1\" \/>\n<input type=\"hidden\" name=\"_wpcf7_container_post\" value=\"0\" \/>\n<input type=\"hidden\" name=\"_wpcf7_posted_data_hash\" value=\"\" \/>\n<\/div>\n<div class=\"contact-form\">\n    <div class=\"input-row\"><span class=\"wpcf7-form-control-wrap\" data-name=\"f-name\"><input size=\"40\" class=\"wpcf7-form-control wpcf7-text style1\" aria-invalid=\"false\" placeholder=\"Imi\u0119 i Nazwisko\" value=\"\" type=\"text\" name=\"f-name\" \/><\/span><\/div>\n    <div class=\"input-row\"><span class=\"wpcf7-form-control-wrap\" data-name=\"email\"><input size=\"40\" class=\"wpcf7-form-control wpcf7-text style1\" aria-invalid=\"false\" placeholder=\"E-mail\" value=\"\" type=\"text\" name=\"email\" \/><\/span><\/div>\n    <div class=\"input-row\"><span class=\"wpcf7-form-control-wrap\" data-name=\"tel-396\"><input size=\"40\" class=\"wpcf7-form-control wpcf7-text style1\" aria-invalid=\"false\" placeholder=\"Numer Telefonu\" value=\"\" type=\"text\" name=\"tel-396\" \/><\/span><\/div>\n    <div class=\"input-row\"><span class=\"wpcf7-form-control-wrap\" data-name=\"place\"><input size=\"40\" class=\"wpcf7-form-control wpcf7-text style1\" aria-invalid=\"false\" placeholder=\"Miejsce Odbioru i  data\" value=\"\" type=\"text\" name=\"place\" \/><\/span><\/div> \n    <div class=\"input-row\"><span class=\"wpcf7-form-control-wrap\" data-name=\"place2\"><input size=\"40\" class=\"wpcf7-form-control wpcf7-text style1\" aria-invalid=\"false\" placeholder=\"Miejsce docelowe\" value=\"\" type=\"text\" name=\"place2\" \/><\/span><\/div> \n    <div class=\"input-row\"><span class=\"wpcf7-form-control-wrap\" data-name=\"subject\"><input size=\"40\" class=\"wpcf7-form-control wpcf7-text style1\" aria-invalid=\"false\" placeholder=\"Temat Wiadomo\u015bci\" value=\"\" type=\"text\" name=\"subject\" \/><\/span><\/div>\n    <div class=\"input-row\"><label>Wiadomo\u015b\u0107<\/label><span class=\"wpcf7-form-control-wrap\" data-name=\"message\"><textarea cols=\"40\" rows=\"6\" class=\"wpcf7-form-control wpcf7-textarea style1\" aria-invalid=\"false\" name=\"message\"><\/textarea><\/span><\/div><button class=\"button-style1\"\n        type=\"submit\"><span class=\"d\"><span><\/span><\/span><span>Wy\u015blij<\/span><\/button>\n<\/div>\n<br>\n[anr_nocaptcha g-recaptcha-response]<div class=\"wpcf7-response-output\" aria-hidden=\"true\"><\/div>\n<\/form>\n<\/div>\n<\/div><\/div><\/div><\/div><div class=\"vc_row wpb_row vc_row-fluid vc_row-\"><div class=\"wpb_column vc_column_container vc_col-sm-12\"><div class=\"vc_column-inner \" style=\"  \"><div class=\"wpb_wrapper\"><div class=\"vc_row wpb_row vc_inner vc_row-fluid vc_column-gap-20\" style=\"  \"><\/div>      <div class=\"heading-block heading-5f556fed1163e tal h-h2\">\n                  <h2 class=\"h\">Wynajem samochodu z kierowc\u0105<\/h2>\n              <\/div>\n    \n\t<div class=\"wpb_text_column wpb_content_element \" >\n\t\t<div class=\"wpb_wrapper\">\n\t\t\t<p>Nowoczesne przewozy os\u00f3b to tak\u017ce prywatno\u015b\u0107 pasa\u017cer\u00f3w. Je\u015bli nie chcesz z nikim dzieli\u0107 przestrzeni pasa\u017cerskiej mo\u017cliwe jest wynaj\u0119cie naszych kierowc\u00f3w wraz z samochodem i udanie si\u0119 w podr\u00f3\u017c do celu. Istnieje mo\u017cliwo\u015b\u0107 nawet kilku dniowej dyspozycyjno\u015bci. Przyk\u0142adowa cena za wynajem kierowcy z samochodem na trasie z Berlina do Gda\u0144ska to koszt 1800zl.<\/p>\n<p><strong>TYLKO U NAS<\/strong><\/p>\n<p>Gwarancja ubezpieczeniowa ! poniewa\u017c jeste\u015bmy organizatorem turystyki , a zarazem cz\u0142onkiem najwi\u0119kszej organizacji Polskiej Izby Turystyki. Posiadamy r\u00f3wnie\u017c ubezpieczenia NNW dla ka\u017cdego podr\u00f3\u017cuj\u0105cego.<br \/>\nAgencje morskie, po\u015brednicy i agencje pracy.<br \/>\nDla was mamy specjalne warunki wsp\u00f3\u0142pracy.<br \/>\nCovid 19<br \/>\nW dobie pandemii dbamy o zdrowie wszystkich. Stosujemy procedury najwy\u017cszej ostro\u017cno\u015bci i przezorno\u015bci.<\/p>\n<p><strong>ZAPRASZAMY NA POKLADY NASZYCH MERCEDESOW<\/strong><\/p>\n\n\t\t<\/div>\n\t<\/div>\n<\/div><\/div><\/div><\/div>\n","protected":false},"excerpt":{"rendered":"Busy do Niemiec Zawsze staramy si\u0119 dotrze\u0107 z Pa\u0144stwem w jak najszybszym czasie. Jest to nasz\u0105 dewiz\u0105 od wielu lat. Przede wszystkim najwa\u017cniejsze jest dla nas bezpiecze\u0144stwo. Zapewniamy foteliki dla dzieci. Na ka\u017cdej trasie jest 2 kierowc\u00f3w. Transport os\u00f3b jest nasz\u0105 pasj\u0105. Prac\u0119 wykonujemy z przyjemno\u015bci\u0105. Pa\u0144stwa zadowolenie jest dla nas bardzo cenne. Kierowcy ; [...]","protected":false},"author":1,"featured_media":0,"parent":0,"menu_order":0,"comment_status":"closed","ping_status":"closed","template":"","meta":{"_acf_changed":false,"footnotes":""},"class_list":["post-11633","page","type-page","status-publish","hentry"],"acf":[],"aioseo_notices":[],"_links":{"self":[{"href":"https:\/\/www.gdanskairporttaxi.pl\/pl\/wp-json\/wp\/v2\/pages\/11633","targetHints":{"allow":["GET"]}}],"collection":[{"href":"https:\/\/www.gdanskairporttaxi.pl\/pl\/wp-json\/wp\/v2\/pages"}],"about":[{"href":"https:\/\/www.gdanskairporttaxi.pl\/pl\/wp-json\/wp\/v2\/types\/page"}],"author":[{"embeddable":true,"href":"https:\/\/www.gdanskairporttaxi.pl\/pl\/wp-json\/wp\/v2\/users\/1"}],"replies":[{"embeddable":true,"href":"https:\/\/www.gdanskairporttaxi.pl\/pl\/wp-json\/wp\/v2\/comments?post=11633"}],"version-history":[{"count":13,"href":"https:\/\/www.gdanskairporttaxi.pl\/pl\/wp-json\/wp\/v2\/pages\/11633\/revisions"}],"predecessor-version":[{"id":11817,"href":"https:\/\/www.gdanskairporttaxi.pl\/pl\/wp-json\/wp\/v2\/pages\/11633\/revisions\/11817"}],"wp:attachment":[{"href":"https:\/\/www.gdanskairporttaxi.pl\/pl\/wp-json\/wp\/v2\/media?parent=11633"}],"curies":[{"name":"wp","href":"https:\/\/api.w.org\/{rel}","templated":true}]}}